{"id":3094,"date":"2022-03-02T19:47:13","date_gmt":"2022-03-02T18:47:13","guid":{"rendered":"https:\/\/sereingeniera.ugr.es\/?page_id=3094"},"modified":"2024-06-05T08:30:47","modified_gmt":"2024-06-05T07:30:47","slug":"colaboradores-2022","status":"publish","type":"page","link":"https:\/\/sereingeniera.ugr.es\/index.php\/colaboradores-2022\/","title":{"rendered":"Colaboradores 2022"},"content":{"rendered":"\n<h2 class=\"wp-block-heading\"><strong><strong>EMPRESAS COLABORADORAS<\/strong><\/strong><\/h2>\n\n\n\n<h3 class=\"wp-block-heading\">MECENAS<\/h3>\n\n\n\n<h3 class=\"wp-block-heading\">ORO<\/h3>\n\n\n<div class=\"wp-block-image\">\n<figure class=\"aligncenter size-large is-resized\"><img loading=\"lazy\" decoding=\"async\" width=\"577\" height=\"137\" src=\"https:\/\/sereingeniera.ugr.es\/wp-content\/uploads\/NOVATEC-rgb-schwarz-violett-rot.png\" alt=\"\" class=\"wp-image-2006\" style=\"width:433px;height:103px\" srcset=\"https:\/\/sereingeniera.ugr.es\/wp-content\/uploads\/NOVATEC-rgb-schwarz-violett-rot.png 577w, https:\/\/sereingeniera.ugr.es\/wp-content\/uploads\/NOVATEC-rgb-schwarz-violett-rot-300x71.png 300w\" sizes=\"auto, (max-width: 577px) 100vw, 577px\" \/><\/figure>\n<\/div>\n\n\n<p><strong>NOVATEC:&nbsp;<\/strong><\/p>\n\n\n\n<p>Novatec Software Engineering Espa\u00f1a en Granada es una sucursal de Novatec Consulting GmbH, con sede en Stuttgart (Alemania).<\/p>\n\n\n\n<p>Novatec aporta su pasi\u00f3n por la inform\u00e1tica, el desarrollo \u00e1gil de software y la tecnolog\u00eda open-source a proyectos entusi\u00e1smante de clientes conocidos.<\/p>\n\n\n\n<p>Empresa multicultural, con un equipo de personas de m\u00e1s de 10 pa\u00edses diferentes. Vivimos con una mentalidad de gesti\u00f3n 3.0, metodolog\u00edas \u00e1giles y procesos simples. Valoramos cualquier contribuci\u00f3n individual al \u00e9xito de la empresa, le ofrecemos mucha libertad personal y la posibilidad de ser parte del proceso de toma de decisiones.<\/p>\n\n\n\n<p>[<a href=\"https:\/\/www.novatec-gmbh.de\/en\/granada\">Web&nbsp;<\/a>\/&nbsp;<a href=\"https:\/\/twitter.com\/novatecsoftware\">#perfectflow<\/a>&nbsp;&nbsp;<a href=\"https:\/\/twitter.com\/novatecsoftware\">#novatecsoftwareengineering&nbsp;<\/a>&nbsp;&nbsp; \/&nbsp;<a href=\"https:\/\/www.facebook.com\/novatecsoftware\">Facebook<\/a>&nbsp;\/&nbsp;<a href=\"https:\/\/www.linkedin.com\/company\/novatec-software-development\">Linkedin<\/a>]<\/p>\n\n\n<div class=\"wp-block-image\">\n<figure class=\"aligncenter is-resized\"><img loading=\"lazy\" decoding=\"async\" width=\"300\" height=\"169\" src=\"http:\/\/sereingeniera.ugr.es\/wp-content\/uploads\/FF-logo-300x169.png\" alt=\"\" class=\"wp-image-1180\" style=\"width:525px;height:294px\" srcset=\"https:\/\/sereingeniera.ugr.es\/wp-content\/uploads\/FF-logo-300x169.png 300w, https:\/\/sereingeniera.ugr.es\/wp-content\/uploads\/FF-logo-768x432.png 768w, https:\/\/sereingeniera.ugr.es\/wp-content\/uploads\/FF-logo-1024x576.png 1024w, https:\/\/sereingeniera.ugr.es\/wp-content\/uploads\/FF-logo.png 1280w\" sizes=\"auto, (max-width: 300px) 100vw, 300px\" \/><\/figure>\n<\/div>\n\n\n<p><strong>FINANCIALFORCE:&nbsp;<\/strong><\/p>\n\n\n\n<p>FinancialForce es una empresa l\u00edder de software ERP en la nube, para la nueva econom\u00eda de servicios. Desarrollamos el primer ERP nativo, construido en la plataforma Salesforce, con el objetivo de ayudar a otras organizaciones a unificar su informaci\u00f3n, que puedan trabajar f\u00e1cilmente con ella, y en definitiva, hacer que su modelo de negocio evolucione siempre en torno a sus clientes.<br>Fundada en el a\u00f1o 2009, con sede central en San Francisco, FinancialForce cuenta con una sede de 80 personas en Granada, donde se desarrolla y apuesta por el talento local.<\/p>\n\n\n\n<p>[<a href=\"https:\/\/www.financialforce.com\">Web <\/a>\/ <a href=\"https:\/\/twitter.com\/financialforce\">Twitter<\/a> \/ <a href=\"https:\/\/www.facebook.com\/FinancialForce\/\">Facebook&nbsp;<\/a>]<\/p>\n\n\n<div class=\"wp-block-image\">\n<figure class=\"aligncenter size-full is-resized\"><img loading=\"lazy\" decoding=\"async\" width=\"578\" height=\"288\" src=\"https:\/\/sereingeniera.ugr.es\/wp-content\/uploads\/coral.png\" alt=\"\" class=\"wp-image-3256\" style=\"width:299px;height:149px\" srcset=\"https:\/\/sereingeniera.ugr.es\/wp-content\/uploads\/coral.png 578w, https:\/\/sereingeniera.ugr.es\/wp-content\/uploads\/coral-300x149.png 300w\" sizes=\"auto, (max-width: 578px) 100vw, 578px\" \/><\/figure>\n<\/div>\n\n\n<p><strong>C\u00edvica <\/strong>es una empresa especializada en el desarrollo de soluciones de negocio basadas en tecnolog\u00eda y en la ejecuci\u00f3n de proyectos de Transformaci\u00f3n Digital, Business Intelligence e Integraci\u00f3n de Sistemas. Formada por un amplio equipo de profesionales de alta capacitaci\u00f3n en el sector TIC, nuestro equipo est\u00e1 enfocado en poner toda nuestra experiencia, conocimiento y esfuerzo al servicio de nuestros clientes. <\/p>\n\n\n\n<p>Con presencia en todo el territorio nacional, contamos con m\u00e1s de 10 a\u00f1os de experiencia aportando soluciones innovadoras y liderando proyectos tecnol\u00f3gicos de alto valor en m\u00faltiples sectores de actividad (financiero, tecnol\u00f3gico, administraciones p\u00fablicas, log\u00edstica, retail, agroalimentario, medios de comunicaci\u00f3n, sanitario&#8230;) <\/p>\n\n\n\n<p>Nuestras se\u00f1as de identidad son la rigurosidad en los planteamientos propuestos, la excelencia en su desarrollo y una clara vocaci\u00f3n hacia las personas, buscando siempre la fidelizaci\u00f3n y la m\u00e1xima satisfacci\u00f3n de nuestros empleados y clientes.<\/p>\n\n\n\n<p>[ <a href=\"https:\/\/www.civica-soft.com\">Web<\/a> \/ <a href=\"https:\/\/www.linkedin.com\/company\/civica-soft\/\">LinkedIn<\/a>] <\/p>\n\n\n<div class=\"wp-block-image\">\n<figure class=\"aligncenter size-large is-resized\"><img loading=\"lazy\" decoding=\"async\" width=\"369\" height=\"88\" src=\"http:\/\/sereingeniera.ugr.es\/wp-content\/uploads\/Unit4_Logo_RGB_Final_2018-1.jpg\" alt=\"\" class=\"wp-image-1572\" style=\"width:222px;height:53px\" srcset=\"https:\/\/sereingeniera.ugr.es\/wp-content\/uploads\/Unit4_Logo_RGB_Final_2018-1.jpg 369w, https:\/\/sereingeniera.ugr.es\/wp-content\/uploads\/Unit4_Logo_RGB_Final_2018-1-300x72.jpg 300w\" sizes=\"auto, (max-width: 369px) 100vw, 369px\" \/><\/figure>\n<\/div>\n\n\n<p><strong>Unit4<\/strong>: es un fabricante multinacional de software de gesti\u00f3n empresarial presente en m\u00e1s de 25 pa\u00edses. Con ingresos anuales superiores a 500 millones de euros y m\u00e1s 3.000 empleados a nivel mundial, Unit4 ofrece al mercado soluciones ERP y aplicaciones sectoriales de primer nivel, que se caracterizan por su f\u00e1cil integraci\u00f3n y gran agilidad post-implementaci\u00f3n.<\/p>\n\n\n\n<p>Desde la sede de I+D ubicada en Granada, en la que trabajan unos 170 empleados, se promueven iniciativas locales que contribuyen a la concienciaci\u00f3n sobre temas de inter\u00e9s que a la vez tengan impacto social. A trav\u00e9s de uno de sus grupos voluntarios de empleados llamado Business Women Network, que promueve la igualdad e inclusi\u00f3n, as\u00ed como el desarrollo personal y profesional, Unit4 quiere apoyar esta iniciativa para fomentar la diversidad en un entorno laboral con escasa presencia femenina.<\/p>\n\n\n\n<p>[<a href=\"https:\/\/www.linkedin.com\/company\/unit4\/\">Linkedin<\/a>\/ <a href=\"https:\/\/www.youtube.com\/user\/UNIT4tv\">YouTube<\/a> \/ <a href=\"https:\/\/twitter.com\/Unit4Global\">Twitter<\/a> \/ <a href=\"https:\/\/www.instagram.com\/unit4global\/?hl=en\">Instagram<\/a> ]<\/p>\n\n\n\n<h3 class=\"wp-block-heading\">PLATA<\/h3>\n\n\n<div class=\"wp-block-image\">\n<figure class=\"aligncenter size-large is-resized\"><img decoding=\"async\" src=\"http:\/\/sereingeniera.ugr.es\/wp-content\/uploads\/LogoDescPataHoriz-e1612797868530.png\" alt=\"Si2 Soluciones\" class=\"wp-image-2714\" style=\"width:225px;height:101px\"\/><figcaption class=\"wp-element-caption\">Si2 Soluciones<\/figcaption><\/figure>\n<\/div>\n\n\n<p><strong>Si2 Tecnolog\u00eda Creativa\/ Transformaci\u00f3n Digital:<\/strong> es una empresa que propone soluciones innovadoras para empresas y organizaciones que buscan conectar con sus usuarios a trav\u00e9s de la creatividad y experiencias tecnol\u00f3gicas.<\/p>\n\n\n\n<p>[<a href=\"https:\/\/si2soluciones.es\/\">Web<\/a> \/ <a href=\"https:\/\/www.facebook.com\/si2soluciones\">Facebook<\/a> \/ <a href=\"https:\/\/twitter.com\/si2info\">Twitter<\/a>&nbsp;]<\/p>\n\n\n<div class=\"wp-block-image\">\n<figure class=\"aligncenter size-large is-resized\"><img loading=\"lazy\" decoding=\"async\" width=\"1024\" height=\"252\" src=\"https:\/\/sereingeniera.ugr.es\/wp-content\/uploads\/image-1-1024x252.png\" alt=\"\" class=\"wp-image-2293\" style=\"width:469px;height:115px\" srcset=\"https:\/\/sereingeniera.ugr.es\/wp-content\/uploads\/image-1-1024x252.png 1024w, https:\/\/sereingeniera.ugr.es\/wp-content\/uploads\/image-1-300x74.png 300w, https:\/\/sereingeniera.ugr.es\/wp-content\/uploads\/image-1-768x189.png 768w, https:\/\/sereingeniera.ugr.es\/wp-content\/uploads\/image-1-1536x378.png 1536w, https:\/\/sereingeniera.ugr.es\/wp-content\/uploads\/image-1-2048x504.png 2048w\" sizes=\"auto, (max-width: 1024px) 100vw, 1024px\" \/><\/figure>\n<\/div>\n\n\n<p><strong>ESERO: <\/strong>La Oficina Europea de Recursos para la Educaci\u00f3n Espacial en Espa\u00f1a (ESERO Spain), con el lema \u00abdel espacio al aula\u00bb y aprovechando la fascinaci\u00f3n que el alumnado siente por el espacio, tiene como objetivo principal proporcionar recursos a docentes de primaria y secundaria para mejorar su alfabetizaci\u00f3n y competencias en materias CTIM (Ciencias, Tecnolog\u00eda, Ingenier\u00eda y Matem\u00e1ticas). Este proyecto educativo de la Agencia Espacial Europea est\u00e1 liderado en Espa\u00f1a por el Parque de las Ciencias de Granada y cuenta con la colaboraci\u00f3n de instituciones educativas tanto nacionales como de \u00e1mbito regional en las distintas Comunidades Aut\u00f3nomas.<\/p>\n\n\n\n<p>Una\nde las l\u00edneas estrat\u00e9gicas para ESERO Spain dentro del plan de actividades para\n2020, es la puesta en marcha de el proyecto #EllasInspiranSTEM, que tiene como\nobjetivo reconocer y ensalzar la participaci\u00f3n femenina en el sector\naeroespacial, con el fin \u00faltimo de fomentar las vocaciones cient\u00edficas las m\u00e1s\nj\u00f3venes.&nbsp;<\/p>\n\n\n\n<p>Dentro de este proyecto, se enmarca la colaboraci\u00f3n con  el campus tecnol\u00f3gico Ser\u00e9 Ingeniera promovido por la Oficina de Software Libre de la Universidad de Granada,  orientado al desarrollo de actividades para chicas preuniversitarias (entre 14 y 16 a\u00f1os) que les permitir\u00e1 conocer, de la mano de ingenieras en activo, las profesiones futuras del sector espacial.<\/p>\n\n\n\n<p> [<a href=\"http:\/\/esero.es\/\">Web <\/a>\/ <a href=\"https:\/\/twitter.com\/EseroSp\">Twitter<\/a>] <\/p>\n\n\n\n<h3 class=\"wp-block-heading\">BRONCE<\/h3>\n\n\n<div class=\"wp-block-image\">\n<figure class=\"aligncenter\"><img loading=\"lazy\" decoding=\"async\" width=\"300\" height=\"60\" src=\"http:\/\/sereingeniera.ugr.es\/wp-content\/uploads\/createc-300x60.png\" alt=\"\" class=\"wp-image-1072\" srcset=\"https:\/\/sereingeniera.ugr.es\/wp-content\/uploads\/createc-300x60.png 300w, https:\/\/sereingeniera.ugr.es\/wp-content\/uploads\/createc-768x154.png 768w, https:\/\/sereingeniera.ugr.es\/wp-content\/uploads\/createc-1024x206.png 1024w, https:\/\/sereingeniera.ugr.es\/wp-content\/uploads\/createc.png 1586w\" sizes=\"auto, (max-width: 300px) 100vw, 300px\" \/><\/figure>\n<\/div>\n\n\n<p><strong>CREATEC3D:<\/strong> Es el \u00fanico laboratorio de experimentaci\u00f3n y fabricaci\u00f3n digital en Granada, un lugar abierto a la colaboraci\u00f3n, innovaci\u00f3n y creaci\u00f3n donde explotar nuestra creatividad e ingenio. Facilita a los emprendedores el contacto con un grupo de profesionales con los que poder llevas a cabo y hacer realidad sus ideas y proyectos con la ayuda de la \u00faltima tecnolog\u00eda open source. Createc3D dispone de aulas de formaci\u00f3n, despachos compartidos y zona de taller para el alquiler en Granada.<\/p>\n\n\n\n<p>[<a href=\"https:\/\/createc3d.com\/\">Web <\/a>\/ <a href=\"https:\/\/twitter.com\/Createc3D\">Twitter<\/a> \/ <a href=\"https:\/\/www.facebook.com\/createc3d\/\">Facebook<\/a>]<\/p>\n\n\n\n<h2 class=\"wp-block-heading\" id=\"block-38800a1a-5cf0-4183-b9ec-71a254c7989f\">&#8230;&#8230;&#8230;&#8230;&#8230;&#8230;&#8230;&#8230;&#8230;&#8230;&#8230;&#8230;&#8230;&#8230;&#8230;&#8230;&#8230;&#8230;&#8230;&#8230;&#8230;&#8230;.<\/h2>\n\n\n\n<h2 class=\"wp-block-heading\" id=\"block-c8f7c01a-2eeb-4d56-a904-6fb38ac06368\">Condiciones de colaboraci\u00f3n<\/h2>\n\n\n\n<p id=\"block-9b09b0b8-113b-4f32-a311-d14be7c8906d\">Este documento describe los detalles de colaboraci\u00f3n del Campus Tecnol\u00f3gico para Chicas 2024 de la Universidad de Granada, cuyo objetivo es introducir a las estudiantes preuniversitarias en el mundo del desarrollo tecnol\u00f3gico, despertando en ellas la vocaci\u00f3n por desarrollar estudios superiores y profesiones de car\u00e1cter tecnol\u00f3gico.&nbsp;<\/p>\n\n\n\n<p id=\"block-74360c31-f1ee-4f40-8e4b-a4ec99eb8abc\">El patrocinio del Campus Tecnol\u00f3gico para Chicas es una buena oportunidad para dar a conocer su empresa dentro del \u00e1mbito nacional y m\u00e1s concretamente dentro del sector de las TIC y la Universidad.&nbsp;<\/p>\n\n\n\n<h2 class=\"wp-block-heading\" id=\"block-90399e31-8dea-4af7-a6d3-132ab3d62c0c\">Modalidades de colaboraci\u00f3n<\/h2>\n\n\n\n<p id=\"block-b40b7d12-ea8c-4c0d-8d65-a26194097af9\">Desde la organizaci\u00f3n ofrecemos las siguientes oportunidades, aunque estamos abiertos a discutir otras formas de colaboraci\u00f3n que se adapten mejor a las necesidades de su entidad.&nbsp;<\/p>\n\n\n\n<h4 class=\"wp-block-heading\" id=\"block-3de18c44-fb1b-4fca-9543-3436dd34908d\">Colaborador principal<\/h4>\n\n\n\n<p id=\"block-3b0a9d1b-006c-49a6-b794-bc673ddb68a2\">Ser\u00e1n colaboradores principales las entidades que participen con 3.000 euros y podr\u00e1n beneficiarse de las siguientes ventajas:<\/p>\n\n\n\n<ul class=\"wp-block-list\">\n<li>Inclusi\u00f3n de las referencias oportunas a la entidad en la web oficial, los carteles del Campus, web y camisetas, as\u00ed como en los anuncios en los medios oficiales destacando la condici\u00f3n de patrocinador principal.\u00a0<\/li>\n\n\n\n<li>Inclusi\u00f3n de referencia a la entidad en todas las notas de prensa oficiales que la organizaci\u00f3n publique y distribuya.<\/li>\n\n\n\n<li>Difusi\u00f3n de la condici\u00f3n de patrocinador a trav\u00e9s de las redes sociales.\u00a0<\/li>\n\n\n\n<li>Invitaci\u00f3n para dar una conferencia de\u00a0<strong>45 minutos de duraci\u00f3n<\/strong>\u00a0durante la jornada de presentaci\u00f3n de proyectos y clausura del Campus.<\/li>\n\n\n\n<li>Tr\u00e1mite del patrocinio mediante mecenazgo, obteniendo con ello las ventajas fiscales estipuladas en ley.<\/li>\n\n\n\n<li>Posibilidad de ofrecer contratos y\/o becas a las participantes.<\/li>\n\n\n\n<li>Posibilidad de realizar una actividad de\u00a0<strong>m\u00e1ximo dos horas de duraci\u00f3n<\/strong>\u00a0con las alumnas en los d\u00edas de desarrollo del campus. La tem\u00e1tica y d\u00eda de celebraci\u00f3n de la actividad se consensuar\u00e1 con la organizaci\u00f3n.<\/li>\n\n\n\n<li>Posibilidad de colocar un\u00a0<em>rollup<\/em>\u00a0vertical en el escenario durante la inauguraci\u00f3n y cierre, as\u00ed como su visibilidad durante toda la duraci\u00f3n del campus en el espacio de clase.<\/li>\n<\/ul>\n\n\n\n<h4 class=\"wp-block-heading\" id=\"block-28fd4614-8e84-4683-b3d8-b8fde8e80299\">Colaborador oro<\/h4>\n\n\n\n<p id=\"block-5c5c430c-daf2-4b3b-b85d-24a91a71d0e0\">Ser\u00e1n patrocinadores de oro aquellas entidades que participen con m\u00ednimo 1.000 euros. Este patrocinio permite que las entidades se beneficien de las siguientes ventajas:<\/p>\n\n\n\n<ul class=\"wp-block-list\">\n<li>Inclusi\u00f3n de las referencias oportunas a entidad en la web oficial, los carteles del Campus, web y camisetas, as\u00ed como en los anuncios en los medios oficiales, destacando la condici\u00f3n de patrocinador.<\/li>\n\n\n\n<li>Inclusi\u00f3n de referencia a la entidad en todas las notas de prensa oficiales que la organizaci\u00f3n publique y distribuya.<\/li>\n\n\n\n<li>Difusi\u00f3n de la condici\u00f3n de patrocinador a trav\u00e9s de las redes sociales.\u00a0<\/li>\n\n\n\n<li>Tr\u00e1mite del patrocinio mediante mecenazgo, obteniendo con ello las ventajas fiscales estipuladas en ley<\/li>\n\n\n\n<li>Posibilidad de realizar una actividad al final de una jornada del campus de\u00a0<strong>m\u00e1ximo una hora de duraci\u00f3n<\/strong>\u00a0(con el pago base de 1000\u20ac) con las alumnas en los d\u00edas de desarrollo del campus. La tem\u00e1tica y d\u00eda de celebraci\u00f3n de la actividad se consensuar\u00e1 con la organizaci\u00f3n. La duraci\u00f3n podr\u00e1\u00a0<strong>extenderse hasta dos horas<\/strong>\u00a0pagando 250\u20ac por cada media hora extra).<\/li>\n<\/ul>\n\n\n\n<h4 class=\"wp-block-heading\" id=\"block-425051aa-7c10-478a-8049-e703ab105560\">Colaborador plata<\/h4>\n\n\n\n<p id=\"block-dd6d5b85-4254-495e-945b-3776d6261418\">Ser\u00e1n colaboradores de plata las entidades que aporten la actividad con una cantidad de entre 500 y 999 euros. Podr\u00e1n beneficiarse de las siguientes ventajas:<\/p>\n\n\n\n<ul class=\"wp-block-list\">\n<li>Inclusi\u00f3n de las referencias oportunas a entidad en la web oficial, los carteles del Campus, web y camisetas, as\u00ed como en los anuncios en los medios oficiales, destacando la condici\u00f3n de patrocinador.<\/li>\n\n\n\n<li>Inclusi\u00f3n de referencia a la entidad en todas las notas de prensa oficiales que la organizaci\u00f3n publique y distribuya.<\/li>\n\n\n\n<li>Tr\u00e1mite del patrocinio mediante mecenazgo, obteniendo con ello las ventajas fiscales estipuladas en ley.<\/li>\n<\/ul>\n\n\n\n<h4 class=\"wp-block-heading\" id=\"block-3cbbfbbe-9a8d-495b-b303-94c46b3bbbf1\">Colaborador bronce<\/h4>\n\n\n\n<p id=\"block-5f1585d4-26e4-4fe1-8099-732b0ecf9317\">Ser\u00e1n colaboradores de bronce aquellas entidades que aporten una cantidad comprendida entre 250 y 499 euros. Las ventajas de las que podr\u00e1n beneficiar son las siguientes:<\/p>\n\n\n\n<ul class=\"wp-block-list\">\n<li>Inclusi\u00f3n de las referencias oportunas a entidad en la web oficial, los carteles del Campus, web y camisetas, as\u00ed como en los anuncios en los medios oficiales.<\/li>\n<\/ul>\n\n\n\n<h4 class=\"wp-block-heading\" id=\"block-e7a63d71-37bd-444b-bce4-688a687797b7\">Colaborador silicio<\/h4>\n\n\n\n<p id=\"block-bf638793-4bec-4a72-b5a4-297dd1846119\">Ser\u00e1n colaboradores de silicio aquellas entidades que aporten una cantidad inferior a 250 euros. Las ventajas de las que podr\u00e1n beneficiar son las siguientes:<\/p>\n\n\n\n<ul class=\"wp-block-list\">\n<li>Inclusi\u00f3n de las referencias oportunas a entidad en la web oficial as\u00ed como en los anuncios en los medios oficiales.<\/li>\n<\/ul>\n\n\n\n<figure class=\"wp-block-table\"><table><tbody><tr><td><strong>Nivel<\/strong><\/td><td><strong>Principal<\/strong><\/td><td><strong>Oro<\/strong><\/td><td><strong>Plata<\/strong><\/td><td><strong>Bronce<\/strong><\/td><td><strong>Silicio<\/strong><\/td><\/tr><tr><td><strong>Aportaci\u00f3n<\/strong><\/td><td><strong>3.000\u20ac o m\u00e1s<\/strong><\/td><td><strong>De 1.000 a 2.999\u20ac<\/strong><\/td><td><strong>De 500 a 999\u20ac<\/strong><\/td><td><strong>De 250 a 499\u20ac<\/strong><\/td><td><strong>Menos de 250\u20ac<\/strong><\/td><\/tr><tr><td>Referencia en web oficial<\/td><td>S\u00ed<\/td><td>S\u00ed<\/td><td>S\u00ed<\/td><td>S\u00ed<\/td><td>S\u00ed<\/td><\/tr><tr><td>Referencia en carteles<\/td><td>S\u00ed<\/td><td>S\u00ed<\/td><td>S\u00ed<\/td><td>S\u00ed<\/td><td>\ufeff<\/td><\/tr><tr><td>Referencia en camisetas<\/td><td>S\u00ed<\/td><td>S\u00ed<\/td><td>S\u00ed<\/td><td>S\u00ed<\/td><td>\ufeff<\/td><\/tr><tr><td>Anuncio en medios oficiales<\/td><td>S\u00ed<\/td><td>S\u00ed<\/td><td>S\u00ed<\/td><td>S\u00ed<\/td><td>S\u00ed<\/td><\/tr><tr><td>Referencia en notas de prensa<\/td><td>S\u00ed<\/td><td>S\u00ed<\/td><td>S\u00ed<\/td><td>\ufeff<\/td><td>\ufeff<\/td><\/tr><tr><td>Difusi\u00f3n en redes sociales<\/td><td>S\u00ed<\/td><td>S\u00ed<\/td><td>\ufeff<\/td><td>\ufeff<\/td><td>\ufeff<\/td><\/tr><tr><td>Conferencia inauguraci\u00f3n o cierre<\/td><td>S\u00ed<\/td><td>\ufeff<\/td><td>\ufeff<\/td><td>\ufeff<\/td><td>\ufeff<\/td><\/tr><tr><td>Actividad en campus<\/td><td>S\u00ed (2 horas m\u00e1ximo)<\/td><td>S\u00ed (1 hora m\u00e1ximo). Ampliable hasta 2 horas con extra de 250\u20ac cada media hora<\/td><td><\/td><td><\/td><td><\/td><\/tr><tr><td>Tr\u00e1mite mediante mecenazgo<\/td><td>S\u00ed<\/td><td>S\u00ed<\/td><td>S\u00ed<\/td><td>\ufeff<\/td><td>\ufeff<\/td><\/tr><tr><td>Oferta de contratos o becas a participantes<\/td><td>S\u00ed<\/td><td>\ufeff<\/td><td>\ufeff<\/td><td>\ufeff<\/td><td><\/td><\/tr><tr><td>Rollup visible en escenario y clase<\/td><td>S\u00ed<\/td><td><\/td><td><\/td><td><\/td><td><\/td><\/tr><\/tbody><\/table><\/figure>\n\n\n\n<h3 class=\"wp-block-heading\" id=\"block-e3b399ba-eb2e-4248-bd86-e1743ee7d693\">Obligaciones<\/h3>\n\n\n\n<p id=\"block-7f7c9be6-bcb5-4ff8-8c3d-e9b7dd609be0\">El colaborador debe asumir la siguientes obligaciones en concepto del acuerdo de colaboraci\u00f3n:<\/p>\n\n\n\n<ul class=\"wp-block-list\">\n<li>Las entidades colaboradoras del Campus Tecnol\u00f3gico para Chicas deben dar su consentimiento a la organizaci\u00f3n para el uso de su imagen y nombre corporativos con fines promocionales.<\/li>\n\n\n\n<li>\u00adLas entidades colaboradoras deben responder a las peticiones de la organizaci\u00f3n dentro de unos m\u00e1rgenes razonables de tiempo. Deben entenderse que ciertas tareas est\u00e1n sujetas a plazos estrictos de tiempo, tales como el env\u00edo de anuncios a la prensa, que suelen requerir una respuesta \u00e1gil. Si esta no se produce, la organizaci\u00f3n se reserva el derecho de tomar las medidas oportunas.<\/li>\n\n\n\n<li>El n\u00famero de conferencias durante la presentaci\u00f3n final es limitado, por lo tanto las entidades colaboradoras deben responder dentro del plazo de tiempo especificado por la organizaci\u00f3n si est\u00e1n interesadas en dar una conferencia. La tem\u00e1tica ser\u00e1 acordada entre la organizaci\u00f3n y el conferenciante.<\/li>\n\n\n\n<li>Las entidades colaboradoras deben coordinar las notas de prensa relacionadas con el Campus con la organizaci\u00f3n.<\/li>\n<\/ul>\n\n\n\n<h3 class=\"wp-block-heading\" id=\"block-b3b817d2-af34-438b-8855-efdf71b5e535\">Contacto<\/h3>\n\n\n\n<p id=\"block-b00a42c4-0620-4a44-b2de-c058bfbd2330\"><strong>Oficina de Software Libre de la Universidad de Granada<\/strong><\/p>\n\n\n\n<p id=\"block-46e3f6eb-e0f3-40db-99a7-269abb60ab4f\">Delegaci\u00f3n de la Rectora para la Universidad Digital<\/p>\n\n\n\n<p id=\"block-0e4ce73d-4f10-4db3-8910-8da1a47d9ebf\">C\/ Real de Cartuja, 36\u00ad38. Edificio CEV. Granada, 18010<\/p>\n\n\n\n<p id=\"block-bda1fc95-81c4-4650-8ce8-3ad5cbf719ee\">958 241000 ext. 20207<\/p>\n\n\n\n<p id=\"block-4b5cf515-0009-411d-89bd-3e2e25fcd8dd\">twitter: @OSLUGR<\/p>\n\n\n\n<p id=\"block-2a8554c5-332f-48de-9755-3ec4c1e5fa82\">Director: \u200b<strong>Pablo Garc\u00eda S\u00e1nchez<\/strong><\/p>\n\n\n\n<p id=\"block-6fe377ff-a505-44bb-a0d5-61855c47dee8\">Email: dirosl@ugr.es<\/p>\n\n\n\n<h2 class=\"wp-block-heading\" id=\"block-680cfcf5-c333-4ec3-ab50-719b1454333c\"><a href=\"https:\/\/sereingeniera.ugr.es\/wp-content\/uploads\/Condiciones-Patrocinio-Sereingeniera-2022.pdf\" data-type=\"URL\" data-id=\"https:\/\/sereingeniera.ugr.es\/wp-content\/uploads\/Condiciones-Patrocinio-Sereingeniera-2022.pdf\" target=\"_blank\" rel=\"noreferrer noopener\">DESCARGA CONDICIONES EN PDF <\/a><a href=\"https:\/\/sereingeniera.ugr.es\/wp-content\/uploads\/CondicionesPatrocinioSereingeniera2022_traducido.pdf\" data-type=\"URL\" data-id=\"https:\/\/sereingeniera.ugr.es\/wp-content\/uploads\/CondicionesPatrocinioSereingeniera2022_traducido.pdf\" target=\"_blank\" rel=\"noreferrer noopener\">DOWNLOAD CONDITIONS PDF<\/a><\/h2>\n","protected":false},"excerpt":{"rendered":"<p>EMPRESAS COLABORADORAS MECENAS ORO NOVATEC:&nbsp; Novatec Software Engineering Espa\u00f1a en Granada es una sucursal de Novatec Consulting GmbH, con sede en Stuttgart (Alemania). Novatec aporta su pasi\u00f3n por la inform\u00e1tica, el desarrollo \u00e1gil de software y la tecnolog\u00eda open-source a proyectos entusi\u00e1smante de clientes conocidos. Empresa multicultural, con un equipo de personas de m\u00e1s de &hellip; <a href=\"https:\/\/sereingeniera.ugr.es\/index.php\/colaboradores-2022\/\" class=\"more-link\">Seguir leyendo <span class=\"screen-reader-text\">Colaboradores 2022<\/span> <span class=\"meta-nav\">&rarr;<\/span><\/a><\/p>\n","protected":false},"author":9,"featured_media":0,"parent":0,"menu_order":0,"comment_status":"closed","ping_status":"closed","template":"","meta":{"footnotes":"","_links_to":"","_links_to_target":""},"class_list":["post-3094","page","type-page","status-publish","hentry"],"yoast_head":"<!-- This site is optimized with the Yoast SEO plugin v27.5 - https:\/\/yoast.com\/product\/yoast-seo-wordpress\/ -->\n<title>Colaboradores 2022 - Ser\u00e9 Ingeniera<\/title>\n<meta name=\"robots\" content=\"index, follow, max-snippet:-1, max-image-preview:large, max-video-preview:-1\" \/>\n<link rel=\"canonical\" href=\"https:\/\/sereingeniera.ugr.es\/index.php\/colaboradores-2022\/\" \/>\n<meta property=\"og:locale\" content=\"es_ES\" \/>\n<meta property=\"og:type\" content=\"article\" \/>\n<meta property=\"og:title\" content=\"Colaboradores 2022 - Ser\u00e9 Ingeniera\" \/>\n<meta property=\"og:description\" content=\"EMPRESAS COLABORADORAS MECENAS ORO NOVATEC:&nbsp; Novatec Software Engineering Espa\u00f1a en Granada es una sucursal de Novatec Consulting GmbH, con sede en Stuttgart (Alemania). Novatec aporta su pasi\u00f3n por la inform\u00e1tica, el desarrollo \u00e1gil de software y la tecnolog\u00eda open-source a proyectos entusi\u00e1smante de clientes conocidos. Empresa multicultural, con un equipo de personas de m\u00e1s de &hellip; Seguir leyendo Colaboradores 2022 &rarr;\" \/>\n<meta property=\"og:url\" content=\"https:\/\/sereingeniera.ugr.es\/index.php\/colaboradores-2022\/\" \/>\n<meta property=\"og:site_name\" content=\"Ser\u00e9 Ingeniera\" \/>\n<meta property=\"article:modified_time\" content=\"2024-06-05T07:30:47+00:00\" \/>\n<meta property=\"og:image\" content=\"https:\/\/sereingeniera.ugr.es\/wp-content\/uploads\/NOVATEC-rgb-schwarz-violett-rot.png\" \/>\n<meta name=\"twitter:card\" content=\"summary_large_image\" \/>\n<meta name=\"twitter:label1\" content=\"Tiempo de lectura\" \/>\n\t<meta name=\"twitter:data1\" content=\"10 minutos\" \/>\n<script type=\"application\/ld+json\" class=\"yoast-schema-graph\">{\"@context\":\"https:\\\/\\\/schema.org\",\"@graph\":[{\"@type\":\"WebPage\",\"@id\":\"https:\\\/\\\/sereingeniera.ugr.es\\\/index.php\\\/colaboradores-2022\\\/\",\"url\":\"https:\\\/\\\/sereingeniera.ugr.es\\\/index.php\\\/colaboradores-2022\\\/\",\"name\":\"Colaboradores 2022 - Ser\u00e9 Ingeniera\",\"isPartOf\":{\"@id\":\"https:\\\/\\\/sereingeniera.ugr.es\\\/#website\"},\"primaryImageOfPage\":{\"@id\":\"https:\\\/\\\/sereingeniera.ugr.es\\\/index.php\\\/colaboradores-2022\\\/#primaryimage\"},\"image\":{\"@id\":\"https:\\\/\\\/sereingeniera.ugr.es\\\/index.php\\\/colaboradores-2022\\\/#primaryimage\"},\"thumbnailUrl\":\"https:\\\/\\\/sereingeniera.ugr.es\\\/wp-content\\\/uploads\\\/NOVATEC-rgb-schwarz-violett-rot.png\",\"datePublished\":\"2022-03-02T18:47:13+00:00\",\"dateModified\":\"2024-06-05T07:30:47+00:00\",\"breadcrumb\":{\"@id\":\"https:\\\/\\\/sereingeniera.ugr.es\\\/index.php\\\/colaboradores-2022\\\/#breadcrumb\"},\"inLanguage\":\"es\",\"potentialAction\":[{\"@type\":\"ReadAction\",\"target\":[\"https:\\\/\\\/sereingeniera.ugr.es\\\/index.php\\\/colaboradores-2022\\\/\"]}]},{\"@type\":\"ImageObject\",\"inLanguage\":\"es\",\"@id\":\"https:\\\/\\\/sereingeniera.ugr.es\\\/index.php\\\/colaboradores-2022\\\/#primaryimage\",\"url\":\"https:\\\/\\\/sereingeniera.ugr.es\\\/wp-content\\\/uploads\\\/NOVATEC-rgb-schwarz-violett-rot.png\",\"contentUrl\":\"https:\\\/\\\/sereingeniera.ugr.es\\\/wp-content\\\/uploads\\\/NOVATEC-rgb-schwarz-violett-rot.png\",\"width\":577,\"height\":137,\"caption\":\"Patrocinador Oro\"},{\"@type\":\"BreadcrumbList\",\"@id\":\"https:\\\/\\\/sereingeniera.ugr.es\\\/index.php\\\/colaboradores-2022\\\/#breadcrumb\",\"itemListElement\":[{\"@type\":\"ListItem\",\"position\":1,\"name\":\"Portada\",\"item\":\"https:\\\/\\\/sereingeniera.ugr.es\\\/\"},{\"@type\":\"ListItem\",\"position\":2,\"name\":\"Colaboradores 2022\"}]},{\"@type\":\"WebSite\",\"@id\":\"https:\\\/\\\/sereingeniera.ugr.es\\\/#website\",\"url\":\"https:\\\/\\\/sereingeniera.ugr.es\\\/\",\"name\":\"Ser\u00e9 Ingeniera\",\"description\":\"\",\"potentialAction\":[{\"@type\":\"SearchAction\",\"target\":{\"@type\":\"EntryPoint\",\"urlTemplate\":\"https:\\\/\\\/sereingeniera.ugr.es\\\/?s={search_term_string}\"},\"query-input\":{\"@type\":\"PropertyValueSpecification\",\"valueRequired\":true,\"valueName\":\"search_term_string\"}}],\"inLanguage\":\"es\"}]}<\/script>\n<!-- \/ Yoast SEO plugin. -->","yoast_head_json":{"title":"Colaboradores 2022 - Ser\u00e9 Ingeniera","robots":{"index":"index","follow":"follow","max-snippet":"max-snippet:-1","max-image-preview":"max-image-preview:large","max-video-preview":"max-video-preview:-1"},"canonical":"https:\/\/sereingeniera.ugr.es\/index.php\/colaboradores-2022\/","og_locale":"es_ES","og_type":"article","og_title":"Colaboradores 2022 - Ser\u00e9 Ingeniera","og_description":"EMPRESAS COLABORADORAS MECENAS ORO NOVATEC:&nbsp; Novatec Software Engineering Espa\u00f1a en Granada es una sucursal de Novatec Consulting GmbH, con sede en Stuttgart (Alemania). Novatec aporta su pasi\u00f3n por la inform\u00e1tica, el desarrollo \u00e1gil de software y la tecnolog\u00eda open-source a proyectos entusi\u00e1smante de clientes conocidos. Empresa multicultural, con un equipo de personas de m\u00e1s de &hellip; Seguir leyendo Colaboradores 2022 &rarr;","og_url":"https:\/\/sereingeniera.ugr.es\/index.php\/colaboradores-2022\/","og_site_name":"Ser\u00e9 Ingeniera","article_modified_time":"2024-06-05T07:30:47+00:00","og_image":[{"url":"https:\/\/sereingeniera.ugr.es\/wp-content\/uploads\/NOVATEC-rgb-schwarz-violett-rot.png","type":"","width":"","height":""}],"twitter_card":"summary_large_image","twitter_misc":{"Tiempo de lectura":"10 minutos"},"schema":{"@context":"https:\/\/schema.org","@graph":[{"@type":"WebPage","@id":"https:\/\/sereingeniera.ugr.es\/index.php\/colaboradores-2022\/","url":"https:\/\/sereingeniera.ugr.es\/index.php\/colaboradores-2022\/","name":"Colaboradores 2022 - Ser\u00e9 Ingeniera","isPartOf":{"@id":"https:\/\/sereingeniera.ugr.es\/#website"},"primaryImageOfPage":{"@id":"https:\/\/sereingeniera.ugr.es\/index.php\/colaboradores-2022\/#primaryimage"},"image":{"@id":"https:\/\/sereingeniera.ugr.es\/index.php\/colaboradores-2022\/#primaryimage"},"thumbnailUrl":"https:\/\/sereingeniera.ugr.es\/wp-content\/uploads\/NOVATEC-rgb-schwarz-violett-rot.png","datePublished":"2022-03-02T18:47:13+00:00","dateModified":"2024-06-05T07:30:47+00:00","breadcrumb":{"@id":"https:\/\/sereingeniera.ugr.es\/index.php\/colaboradores-2022\/#breadcrumb"},"inLanguage":"es","potentialAction":[{"@type":"ReadAction","target":["https:\/\/sereingeniera.ugr.es\/index.php\/colaboradores-2022\/"]}]},{"@type":"ImageObject","inLanguage":"es","@id":"https:\/\/sereingeniera.ugr.es\/index.php\/colaboradores-2022\/#primaryimage","url":"https:\/\/sereingeniera.ugr.es\/wp-content\/uploads\/NOVATEC-rgb-schwarz-violett-rot.png","contentUrl":"https:\/\/sereingeniera.ugr.es\/wp-content\/uploads\/NOVATEC-rgb-schwarz-violett-rot.png","width":577,"height":137,"caption":"Patrocinador Oro"},{"@type":"BreadcrumbList","@id":"https:\/\/sereingeniera.ugr.es\/index.php\/colaboradores-2022\/#breadcrumb","itemListElement":[{"@type":"ListItem","position":1,"name":"Portada","item":"https:\/\/sereingeniera.ugr.es\/"},{"@type":"ListItem","position":2,"name":"Colaboradores 2022"}]},{"@type":"WebSite","@id":"https:\/\/sereingeniera.ugr.es\/#website","url":"https:\/\/sereingeniera.ugr.es\/","name":"Ser\u00e9 Ingeniera","description":"","potentialAction":[{"@type":"SearchAction","target":{"@type":"EntryPoint","urlTemplate":"https:\/\/sereingeniera.ugr.es\/?s={search_term_string}"},"query-input":{"@type":"PropertyValueSpecification","valueRequired":true,"valueName":"search_term_string"}}],"inLanguage":"es"}]}},"_links":{"self":[{"href":"https:\/\/sereingeniera.ugr.es\/index.php\/wp-json\/wp\/v2\/pages\/3094","targetHints":{"allow":["GET"]}}],"collection":[{"href":"https:\/\/sereingeniera.ugr.es\/index.php\/wp-json\/wp\/v2\/pages"}],"about":[{"href":"https:\/\/sereingeniera.ugr.es\/index.php\/wp-json\/wp\/v2\/types\/page"}],"author":[{"embeddable":true,"href":"https:\/\/sereingeniera.ugr.es\/index.php\/wp-json\/wp\/v2\/users\/9"}],"replies":[{"embeddable":true,"href":"https:\/\/sereingeniera.ugr.es\/index.php\/wp-json\/wp\/v2\/comments?post=3094"}],"version-history":[{"count":18,"href":"https:\/\/sereingeniera.ugr.es\/index.php\/wp-json\/wp\/v2\/pages\/3094\/revisions"}],"predecessor-version":[{"id":3732,"href":"https:\/\/sereingeniera.ugr.es\/index.php\/wp-json\/wp\/v2\/pages\/3094\/revisions\/3732"}],"wp:attachment":[{"href":"https:\/\/sereingeniera.ugr.es\/index.php\/wp-json\/wp\/v2\/media?parent=3094"}],"curies":[{"name":"wp","href":"https:\/\/api.w.org\/{rel}","templated":true}]}}